{"id":10886,"date":"2014-11-23T21:39:03","date_gmt":"2014-11-23T20:39:03","guid":{"rendered":"https:\/\/www.cinquiemesens.com\/conditions-generales-de-vente-2\/"},"modified":"2020-11-25T14:21:40","modified_gmt":"2020-11-25T13:21:40","slug":"conditions-generales-de-vente-2","status":"publish","type":"page","link":"https:\/\/www.cinquiemesens.com\/en\/conditions-generales-de-vente-2\/","title":{"rendered":"Conditions G\u00e9n\u00e9rales de Vente"},"content":{"rendered":"\t\t<div data-elementor-type=\"wp-page\" data-elementor-id=\"10886\" class=\"elementor elementor-10886 elementor-1066\" data-elementor-post-type=\"page\">\n\t\t\t\t\t\t<div class=\"elementor-section elementor-top-section elementor-element elementor-element-23d4c418 elementor-section-boxed elementor-section-height-default elementor-section-height-default\" data-id=\"23d4c418\" data-element_type=\"section\">\n\t\t\t\t\t\t<div class=\"elementor-container elementor-column-gap-default\">\n\t\t\t\t\t<div class=\"elementor-column elementor-col-100 elementor-top-column elementor-element elementor-element-201be4da\" data-id=\"201be4da\" data-element_type=\"column\">\n\t\t\t<div class=\"elementor-widget-wrap elementor-element-populated\">\n\t\t\t\t\t\t<div class=\"elementor-element elementor-element-5a3351eb elementor-widget elementor-widget-text-editor\" data-id=\"5a3351eb\" data-element_type=\"widget\" data-widget_type=\"text-editor.default\">\n\t\t\t\t<div class=\"elementor-widget-container\">\n\t\t\t\t\t\t\t\t\t\n<p>La soci\u00e9t\u00e9 Le Cinqui\u00e8me Sens est une soci\u00e9t\u00e9 sp\u00e9cialis\u00e9e dans le conseil et la cr\u00e9ation de parfums.&nbsp;&nbsp;<\/p>\n\n\n\n<p>La soci\u00e9t\u00e9 a con\u00e7u, fabriqu\u00e9 et commercialise l\u2019olfactorium \u00ae, outil destin\u00e9 \u00e0 illustrer les mati\u00e8res premi\u00e8res et les parfums.<\/p>\n\n\n\n<p>La soci\u00e9t\u00e9 Le Cinqui\u00e8me Sens commercialise ses produits aupr\u00e8s de clients particuliers ou professionnels qui souhaitent d\u00e9couvrir ou faire d\u00e9couvrir le monde des parfums.&nbsp;<\/p>\n\n\n\n<p>Aux fins d\u2019encadrer cette commercialisation les parties adh\u00e8rent aux pr\u00e9sentes Conditions G\u00e9n\u00e9rales de Vente.<\/p>\n\n\n\n<p>Les pr\u00e9sentes Conditions G\u00e9n\u00e9rales de Vente sont le socle de la n\u00e9gociation commerciale entre le vendeur et l\u2019acheteur.<\/p>\n\n\n\n<p><strong>Article 1 \u2013 D\u00e9finitions<\/strong><\/p>\n\n\n\n<p>1.1&nbsp;: Les \u00ab<strong>&nbsp;Conditions G\u00e9n\u00e9rales de Vente&nbsp;\u00bb <\/strong>sont le cadre contractuel de la relation entre le Vendeur et l\u2019Acheteur.<\/p>\n\n\n\n<p>1.2&nbsp;: Le <strong>\u00ab&nbsp;Vendeur&nbsp;\u00bb<\/strong> est la soci\u00e9t\u00e9 \u00ab&nbsp;Le Cinqui\u00e8me Sens&nbsp;\u00bb.<\/p>\n\n\n\n<p>1.3&nbsp;: L\u2019&nbsp;<strong>\u00ab&nbsp;Acheteur&nbsp;\u00bb<\/strong> s\u2019entend par tout acqu\u00e9reur de la Marchandise qu\u2019il soit professionnel ou particulier.<\/p>\n\n\n\n<p>L\u2019 <strong>\u00ab&nbsp;Acheteur professionnel&nbsp;\u00bb<\/strong> r\u00e9alise cet achat \u00e0 des fins professionnelles et commerciales.&nbsp;<\/p>\n\n\n\n<p>A cette fin, il est soumis \u00e0 un volume d\u2019achat minimum. Ce minimum sera fix\u00e9 dans le devis.<\/p>\n\n\n\n<p>L\u2019 <strong>\u00ab&nbsp;Acheteur consommateur&nbsp;\u00bb<\/strong> r\u00e9alise cet achat dans un but d\u2019utilisation priv\u00e9 exclusivement.<\/p>\n\n\n\n<p>1.4&nbsp;: Le <strong>\u00ab&nbsp;Devis&nbsp;\u00bb <\/strong>est l\u2019offre de contracter \u00e9mise par le Vendeur.<\/p>\n\n\n\n<p>La <strong>\u00ab&nbsp;Commande&nbsp;\u00bb <\/strong>est <strong>l<\/strong>\u2019acceptation du Devis par l\u2019Acheteur.<\/p>\n\n\n\n<p>1.5&nbsp;: Le <strong>\u00ab&nbsp;Bon de commande&nbsp;\u00bb<\/strong> est l\u2019acceptation ferme et d\u00e9finitive de la Commande&nbsp; adress\u00e9e par l\u2019Acheteur&nbsp; au Vendeur.<\/p>\n\n\n\n<p>&nbsp;1.6&nbsp;: La <strong>\u00ab&nbsp;Marchandise&nbsp;\u00bb<\/strong> est l\u2019Olfactorium \u00ae et\/ou l\u2019ensemble des flacons pouvant \u00eatre \u00e9galement vendus \u00e0 l\u2019unit\u00e9.<\/p>\n\n\n\n<p>Cette Marchandise est une cr\u00e9ation originale de la soci\u00e9t\u00e9 Cinqui\u00e8me Sens qui le commercialise sous plusieurs d\u00e9clinaisons.<\/p>\n\n\n\n<p>Il contient&nbsp;:<\/p>\n\n\n\n<ul><li>48 flacons de 2,5 ml,<\/li><li>un livret explicatif,<\/li><li>un carnet de touches<\/li><\/ul>\n\n\n\n<p>1.7&nbsp;: Les <strong>\u00ab&nbsp;Annexes&nbsp;\u00bb <\/strong>sont tout documents compl\u00e9mentaires au Devis, au Bon de Commande et aux pr\u00e9sentes Conditions G\u00e9n\u00e9rales de vente.<\/p>\n\n\n\n<p>1.8&nbsp;: La <strong>\u00ab&nbsp;Livraison&nbsp;\u00bb<\/strong> est constitu\u00e9e par la mise \u00e0 disposition des Marchandises \u00e0 l\u2019Acheteur.&nbsp;<\/p>\n\n\n\n<p>Cette mise \u00e0 disposition consiste soit en la remise \u00e0 l\u2019Acheteur des Marchandises dans un point de vente soit, le cas \u00e9ch\u00e9ant, par la remise \u00e0 un Transporteur.<\/p>\n\n\n\n<p>1.9&nbsp;: Le <strong>\u00ab&nbsp;Transport&nbsp;\u00bb<\/strong> est r\u00e9alis\u00e9 par un prestataire de transport. Il peut agir par voie postale, par camion, par voiture, par wagons, par bateaux ou par a\u00e9ronefs et de mani\u00e8re g\u00e9n\u00e9rale par tous moyens de transport.<\/p>\n\n\n\n<p>1.10&nbsp;: Les <strong>\u00ab&nbsp;Parties&nbsp;\u00bb<\/strong> au Contrat&nbsp;sont le Vendeur&nbsp; et l\u2019Acheteur.<\/p>\n\n\n\n<p>1.11&nbsp;: Le <strong>\u00ab&nbsp;Contrat&nbsp;\u00bb<\/strong> s\u2019entend de l\u2019ensemble des pr\u00e9sentes Conditions G\u00e9n\u00e9rales de Vente&nbsp;, le Devis, le Bon de commande et les cas \u00e9ch\u00e9ant tout Annexe se rapportant \u00e0 la pr\u00e9sente relation commerciale.<\/p>\n\n\n\n<p>Le Contrat constitue l\u2019int\u00e9gralit\u00e9 des conventions entre les Parties et annule et remplace toutes conventions ant\u00e9rieures, orales ou \u00e9crites ente les parties, en ce qui concerne l\u2019objet du pr\u00e9sent Contrat.&nbsp;<\/p>\n\n\n\n<p><strong>Article 2 \u2013 Domaine d\u2019application<\/strong><\/p>\n\n\n\n<p>2.1&nbsp;: Les pr\u00e9sentes Conditions G\u00e9n\u00e9rales de Vente s\u2019appliquent \u00e0 tous les rapports juridiques pouvant na\u00eetre entre le Vendeur et l\u2019Acheteur.<\/p>\n\n\n\n<p>2.2&nbsp;: Les pr\u00e9sentes Conditions G\u00e9n\u00e9rales de Vente, le Devis, la Commande et, le cas \u00e9ch\u00e9ant, les Annexes forment un ensemble contractuel.<\/p>\n\n\n\n<p>2.3&nbsp;: Par la Commande, l\u2019Acheteur reconna\u00eet que les pr\u00e9sentes Conditions G\u00e9n\u00e9rales de Vente lui ont \u00e9t\u00e9 pr\u00e9alablement communiqu\u00e9es. Cette communication a \u00e9t\u00e9 concomitante \u00e0 l\u2019envoi du Devis et le cas \u00e9ch\u00e9ant les Annexes relatives \u00e0 la vente, conform\u00e9ment \u00e0 l\u2019article L.441-6 du Code de Commerce.<\/p>\n\n\n\n<p>2.4&nbsp;: Les parties acceptent sans r\u00e9serves les pr\u00e9sentes Conditions G\u00e9n\u00e9rales de Vente et s\u2019obligent par les dispositions qui y sont stipul\u00e9es.<\/p>\n\n\n\n<p>L\u2019adh\u00e9sion aux pr\u00e9sentes Conditions G\u00e9n\u00e9rales de Vente est exclusive. En cons\u00e9quence, tout autre document tels que prospectus, catalogues, site internet et tout autres moyens de communication \u00e9mis par le Vendeur n\u2019a qu\u2019une valeur promotionnelle et indicative entre les Parties.<\/p>\n\n\n\n<p>De plus,&nbsp; sauf accord express et pr\u00e9alable du Vendeur, l\u2019Acheteur ne pourra pas se pr\u00e9valoir de ses propres Conditions G\u00e9n\u00e9rales d\u2019Achat.&nbsp;<\/p>\n\n\n\n<p>En cons\u00e9quence, sauf accord express du Vendeur, toutes stipulations autres que celles contenues dans les pr\u00e9sentes Conditions G\u00e9n\u00e9rales de Vente ne pourront lui \u00eatre oppos\u00e9es.<\/p>\n\n\n\n<p>2.5&nbsp;: Cet ensemble contractuel a pour objet de d\u00e9finir les termes et conditions dans lesquelles l\u2019Acheteur acquiert les Marchandises aupr\u00e8s du Vendeur.&nbsp;<\/p>\n\n\n\n<p>2.6&nbsp;: Certains droits et obligations diff\u00e8rent selon la qualit\u00e9 professionnelle ou non professionnelle de l\u2019Acheteur.&nbsp;<\/p>\n\n\n\n<p>2.7&nbsp;: Le Prestataire peut, \u00e0 tout moment, apporter des modifications n\u00e9cessaires aux pr\u00e9sentes Conditions G\u00e9n\u00e9rales de Vente.<\/p>\n\n\n\n<p><strong>Article 3 \u2013 Devis<\/strong><\/p>\n\n\n\n<p>3.1&nbsp;: Le Devis est communiqu\u00e9 par le Vendeur \u00e0 l\u2019Acheteur par tous moyens directs ou indirects et, notamment, une remise en main propre, une t\u00e9l\u00e9copie, un courriel et\/ou une lettre simple.<\/p>\n\n\n\n<p>3.2&nbsp;: Le Devis comporte un descriptif de la Marchandise ainsi que les d\u00e9lais et modalit\u00e9s de Livraison.&nbsp;<\/p>\n\n\n\n<p>3.3&nbsp;: Le Devis comporte le prix des Marchandises ainsi que, le cas \u00e9ch\u00e9ant, le co\u00fbt \u00e9ventuel&nbsp; de transports et autre frais d\u2019acheminement de la Marchandise \u00e0 l\u2019Acheteur.<\/p>\n\n\n\n<p>3.4&nbsp;: Lorsque l\u2019Acheteur est un professionnel, le Devis pr\u00e9voit la quantit\u00e9 de Marchandises conditionnant la r\u00e9alisation de la vente. Cette quantit\u00e9 constitue un volume d\u2019achat minimum.&nbsp;<\/p>\n\n\n\n<p><strong>Article 4 \u2013 Le Bon de commande<\/strong><\/p>\n\n\n\n<p>4.1&nbsp;: Le Bon de commande fixe les termes et conditions dans lesquels l\u2019Acheteur accepte de conclure la vente.<\/p>\n\n\n\n<p>4.2&nbsp;: Le Bon de commande vaut acceptation ferme et d\u00e9finitive du Devis et emporte la r\u00e9alisation d\u00e9finitive de la vente.<\/p>\n\n\n\n<p>Il est mat\u00e9rialis\u00e9 par l\u2019apposition sur le Devis de la signature de l\u2019acheteur pr\u00e9c\u00e9d\u00e9e de la mention \u00ab&nbsp;Bon pour accord&nbsp;\u00bb.<\/p>\n\n\n\n<p>Lorsque la Commande est r\u00e9alis\u00e9e directement par l&#8217;Acheteur sur le site du Vendeur, le Bon de commande correspond au renvoi du Devis figurant sur la page http:\/\/www.cinquiemesens.com\/xwiki\/bin\/view\/Produits\/Commander.<\/p>\n\n\n\n<p>4.3&nbsp;: D\u00e8s sa r\u00e9ception par le Vendeur, le Bon de commande emporte acceptation des pr\u00e9sentes Conditions G\u00e9n\u00e9rales de Vente.<\/p>\n\n\n\n<p>4.4&nbsp;: Pour \u00eatre consid\u00e9r\u00e9 par le Vendeur, le Bon de commande doit \u00eatre communiqu\u00e9 selon l\u2019une des modalit\u00e9s suivantes&nbsp;:<\/p>\n\n\n\n<ul><li>par remise en main propre,&nbsp;<\/li><li>par courrier \u00e0 l\u2019adresse de la soci\u00e9t\u00e9 CINQUIEME SENS,<\/li><li>par t\u00e9l\u00e9copie au num\u00e9ro suivant&nbsp;: 01.45.55.29.39<\/li><li>par internet&nbsp;: www.cinquiemesens.com<\/li><\/ul>\n\n\n\n<p>4.5&nbsp;: D\u00e8s r\u00e9ception du Bon de commande, la Commande est irr\u00e9vocable. Seul un accord express du Vendeur permettrait de d\u00e9roger \u00e0 cette disposition.<\/p>\n\n\n\n<p>4.6&nbsp;: D\u00e8s r\u00e9ception du Bon de commande, le Vendeur proc\u00e9dera \u00e0 la facturation. La facture sera communiqu\u00e9e \u00e0 l\u2019Acheteur par tous moyens.&nbsp;<\/p>\n\n\n\n<p><strong>Article 5 \u2013 Prix<\/strong><\/p>\n\n\n\n<p>5.1&nbsp;: Le prix de vente des Marchandises figurant dans le Devis est indiqu\u00e9 en Euros Hors Taxes.&nbsp;<\/p>\n\n\n\n<p>5.2&nbsp;: Les prix tiennent compte des taux d\u2019imposition applicables au jour de la Commande.&nbsp;<\/p>\n\n\n\n<p>Toutefois, en cas de modification de ces taux avant la Livraison, le Vendeur se r\u00e9serve le droit de r\u00e9percuter cette modification sur le prix de vente.<\/p>\n\n\n\n<p>Le cas \u00e9ch\u00e9ant, cette modification fera l\u2019objet d\u2019une communication pr\u00e9alable qui sera consid\u00e9r\u00e9e comme une nouvelle facture.<\/p>\n\n\n\n<p>5.&nbsp;3&nbsp;: Les prix tiennent compte des cours des mati\u00e8res premi\u00e8res applicables au jour de la Commande.&nbsp;<\/p>\n\n\n\n<p>Toutefois, en cas de modification de ces cours avant la Livraison, le Vendeur se r\u00e9serve le droit de r\u00e9percuter cette modification sur le prix de vente.<\/p>\n\n\n\n<p>Cette modification sera communiqu\u00e9e \u00e0 l\u2019Acheteur dans les formes pr\u00e9vues \u00e0 l\u2019article 5.2 des pr\u00e9sentes Conditions G\u00e9n\u00e9rales de Vente.<\/p>\n\n\n\n<p>5.4&nbsp;: Le prix est fix\u00e9 par le Vendeur en fonction du produit command\u00e9. Ce prix pourra \u00eatre fix\u00e9 selon la particularit\u00e9 de la demande du client.<\/p>\n\n\n\n<p>5.5&nbsp;: Le prix ne comprend que la valeur de la Marchandise.&nbsp;<\/p>\n\n\n\n<p>En cons\u00e9quence, tout suppl\u00e9ment tel que les frais de transports et de livraison sur le territoire national ou international, les frais de coursiers et tous autres frais engag\u00e9s ind\u00e9pendamment de la fabrication des Marchandises seront support\u00e9s par l\u2019Acheteur et factur\u00e9s en sus par le Vendeur.<\/p>\n\n\n\n<p><strong>Article 6&nbsp;&#8211; Conditions de paiement du prix<\/strong><\/p>\n\n\n\n<p>6.1&nbsp;: Le Bon de commande doit \u00eatre accompagn\u00e9 du r\u00e8glement d\u2019un acompte de 30% du montant TTC de la vente.<\/p>\n\n\n\n<p>6.2&nbsp;: Lorsque l\u2019Acheteur est un professionnel, le solde du prix sera pay\u00e9 dans un d\u00e9lai de 8 (huit) jours \u00e0 compter de l\u2019envoi de la facture.&nbsp;&nbsp;<\/p>\n\n\n\n<p>6.3&nbsp;: Lorsque l\u2019Acheteur est un particulier, le solde du prix devra \u00eatre r\u00e9gl\u00e9 avant la Livraison des Marchandises.&nbsp;<\/p>\n\n\n\n<p>6.4&nbsp;: Tout retard de paiement donnera lieu au paiement de p\u00e9nalit\u00e9s fix\u00e9es \u00e0 trois fois le taux d\u2019int\u00e9r\u00eat l\u00e9gal.<\/p>\n\n\n\n<p>En application de l\u2019article L.441-6 du Code de Commerce, ces p\u00e9nalit\u00e9s sont exigibles de plein droit d\u00e8s le jour suivant l\u2019\u00e9ch\u00e9ance.&nbsp;<\/p>\n\n\n\n<p>Le cas \u00e9ch\u00e9ant, ces p\u00e9nalit\u00e9s de retard seront imput\u00e9es de plein droit sur toutes remises, ristournes, ou rabais octroy\u00e9s par le vendeur.&nbsp;<\/p>\n\n\n\n<p>6.5&nbsp;: L\u2019Acheteur doit respecter les pr\u00e9sentes dispositions relatives aux d\u00e9lais et modalit\u00e9s de paiement.&nbsp;<\/p>\n\n\n\n<p>En cons\u00e9quence, toute mise en demeure adress\u00e9e par le vendeur par lettre recommand\u00e9e avec accus\u00e9 de r\u00e9ception fera, en application de l\u2019article 1153 du Code Civil, courir des int\u00e9r\u00eats moratoires&nbsp; au taux d\u2019int\u00e9r\u00eat l\u00e9gal au profit du Vendeur.&nbsp;<\/p>\n\n\n\n<p>6.6&nbsp;: Tous les frais et honoraires occasionn\u00e9s par le recouvrement des sommes dues devront \u00eatre rembours\u00e9es au Vendeur.<\/p>\n\n\n\n<p><strong>Article 7&nbsp;&#8211; Livraison des marchandises<\/strong><\/p>\n\n\n\n<p>7.1&nbsp;: Le Vendeur fixera unilat\u00e9ralement les modalit\u00e9s de transport des Marchandises dans le Devis. Ces modalit\u00e9s ont \u00e9t\u00e9 express\u00e9ment accept\u00e9es par l\u2019Acheteur.<\/p>\n\n\n\n<p>7.2&nbsp;: Les Marchandises sont r\u00e9put\u00e9es livr\u00e9es d\u00e8s leur mise \u00e0 disposition \u00e0 l\u2019Acheteur dans les points de vente du Vendeur, avant leur chargement sur les camions, voitures, wagons, bateaux ou a\u00e9ronefs.&nbsp;<\/p>\n\n\n\n<p>Les risques et p\u00e9rils li\u00e9s au transport des Marchandises sont \u00e0 la charge de l\u2019Acheteur, alors m\u00eame que leur pris serait \u00e9tabli franco, FOB ou CIF.&nbsp;<\/p>\n\n\n\n<p>Les parties ne sauraient d\u00e9roger \u00e0 cette r\u00e8gle accept\u00e9e par l\u2019envoi du Bon de commande.&nbsp;<\/p>\n\n\n\n<p>En cons\u00e9quence, le Vendeur ne saurait \u00eatre tenu responsable de toute d\u00e9t\u00e9rioration ou an\u00e9antissement du produit au cours de son transport vers l\u2019Acheteur.<\/p>\n\n\n\n<p>7.3&nbsp;: Le transport des Marchandises fera l\u2019objet d\u2019une facturation compl\u00e9mentaire. Ces co\u00fbts ne sont pas compris dans le prix de vente des Marchandises.<\/p>\n\n\n\n<p>7.4&nbsp;: Le Vendeur n\u2019est responsable d\u2019aucun retard de livraison qui ne serait pas imputable \u00e0 son propre fait.<\/p>\n\n\n\n<p><strong>Article 8&nbsp;&#8211; Transfert de propri\u00e9t\u00e9<\/strong><\/p>\n\n\n\n<p>8.1&nbsp;: Le transfert de propri\u00e9t\u00e9 des Marchandises ne sera acquis qu\u2019\u00e0 compter du paiement int\u00e9gral du prix des Marchandises et de tous frais suppl\u00e9mentaires li\u00e9s \u00e0 la r\u00e9ception des Marchandises.<\/p>\n\n\n\n<p>8.2&nbsp;: Malgr\u00e9 l\u2019application de la pr\u00e9sente clause de r\u00e9serve de propri\u00e9t\u00e9, l\u2019Acheteur supportera les risques et p\u00e9rils li\u00e9s au Transport des Marchandises conform\u00e9ment l\u2019article 8 des pr\u00e9sentes Conditions G\u00e9n\u00e9rales de Vente.<\/p>\n\n\n\n<p>8.3&nbsp;: Le paiement int\u00e9gral du prix vis\u00e9 \u00e0 l\u2019article 8.1 est une condition du transfert de propri\u00e9t\u00e9.&nbsp;<\/p>\n\n\n\n<p>En cons\u00e9quence, le paiement int\u00e9gral du prix emportera le transfert r\u00e9troactif de la propri\u00e9t\u00e9 de la Marchandise d\u00e8s la Livraison.&nbsp;<\/p>\n\n\n\n<p><strong>Article 9&nbsp;\u2013 Inex\u00e9cution du contrat<\/strong><\/p>\n\n\n\n<p>9.1&nbsp;: L\u2019inex\u00e9cution des conditions et obligations vis\u00e9es dans les pr\u00e9sentes Conditions G\u00e9n\u00e9rales de Vente emporte r\u00e9solution imm\u00e9diate du contrat de vente.<\/p>\n\n\n\n<p>9.2&nbsp;: En cas d\u2019annulation du Bon de commande par l\u2019Acheteur avant la Livraison, le Vendeur conservera au titre des p\u00e9nalit\u00e9s l\u2019acompte vers\u00e9 lors de l\u2019envoi du Bon de commande.&nbsp;<\/p>\n\n\n\n<p>9.3&nbsp;: Les p\u00e9nalit\u00e9s vis\u00e9es \u00e0 l\u2019article 9.2 sont acquises au profit du Vendeur sans aucune formalit\u00e9s pr\u00e9alables notamment une mise en demeure de s\u2019ex\u00e9cuter.<\/p>\n\n\n\n<p>9.4&nbsp;: En cas d\u2019inex\u00e9cution de ses obligations dans les termes du Devis,&nbsp; le Vendeur proposera \u00e0 l\u2019Acheteur une Marchandise dont les caract\u00e9ristiques seront \u00e9quivalentes \u00e0 celle de la Marchandise objet de la Commande.<\/p>\n\n\n\n<p>Si l\u2019Acheteur accepte, un nouveau devis lui sera adress\u00e9 et fera l\u2019objet d\u2019une acceptation par Bon de Commande. Les pr\u00e9sentes Conditions G\u00e9n\u00e9rales de Vente resteront applicables aux relations entre les Parties.&nbsp;<\/p>\n\n\n\n<p><strong>Article 10 \u2013 Droit de propri\u00e9t\u00e9 intellectuelle et industrielle<\/strong><\/p>\n\n\n\n<p>10.1&nbsp;: L\u2019ensemble des Marchandises fabriqu\u00e9es et vendues par le Vendeur constitue des \u0153uvres originales. En tant qu\u2019\u0153uvres originales, elles sont prot\u00e9g\u00e9es par les droits de propri\u00e9t\u00e9 intellectuelle et&nbsp; industrielle.&nbsp;<\/p>\n\n\n\n<p>10.2&nbsp;: Les Marchandises ne sont pas le r\u00e9sultat d\u2019une commande d\u2019une \u0153uvre de l\u2019esprit au sens du Code de Propri\u00e9t\u00e9 Intellectuelle.<\/p>\n\n\n\n<p>10.3 Le Vendeur reste seul propri\u00e9taire des noms, marques, logos, dessins et sigles qu\u2019il a d\u00e9pos\u00e9s, et plus g\u00e9n\u00e9ralement de tous les droits de propri\u00e9t\u00e9 intellectuelle dont il est titulaire ainsi que de tous les produits et services qu\u2019il a d\u00e9velopp\u00e9s.<\/p>\n\n\n\n<p>10.4&nbsp;: Obligations de l\u2019Acheteur consommateur<\/p>\n\n\n\n<p>10.4.1&nbsp;: L\u2019 Acheteur consommateur s\u2019engage \u00e0 utiliser la Marchandise dans un cadre strictement priv\u00e9.&nbsp;<\/p>\n\n\n\n<p>10.4.2&nbsp;: L\u2019Acheteur consommateur s\u2019interdit de copier, transmettre et plus g\u00e9n\u00e9ralement d\u2019exploiter, notamment commercialement,&nbsp; tout ou partie des Marchandises sans l\u2019accord express et pr\u00e9alable du Vendeur.<\/p>\n\n\n\n<p>10.4.3&nbsp;: De mani\u00e8re g\u00e9n\u00e9rale, l\u2019Acheteur consommateur s\u2019interdit de tirer tout profit et de contrevenir \u00e0 tous droits de propri\u00e9t\u00e9 intellectuelle et industrielle du Vendeur et notamment sa marque, son logo et de mani\u00e8re g\u00e9n\u00e9rale tout \u00e9l\u00e9ment prot\u00e9g\u00e9 par ses droits.&nbsp;<\/p>\n\n\n\n<p>10.4.4&nbsp;: La reproduction, diffusion ou utilisation publique des Marchandises sans accord express et pr\u00e9alable du Vendeur est constitutive de contrefa\u00e7on et passible des sanctions qui s\u2019y rattachent.<\/p>\n\n\n\n<p>10.5&nbsp;: Obligations de l\u2019Acheteur professionnel<\/p>\n\n\n\n<p>10.5.1&nbsp;: Aux fins de respecter les droits de propri\u00e9t\u00e9 intellectuelle et industrielle du Vendeur, l\u2019Acheteur s\u2019engage \u00e0 laisser apparente sur les Marchandises la marque et le logo du Vendeur.<\/p>\n\n\n\n<p>L\u2019Acheteur s\u2019engage \u00e9galement \u00e0 indiquer sur tous ses supports de communication (plaquette, prospectus, site internet..) la marque et le logo du Vendeur.<\/p>\n\n\n\n<p>10.5.2&nbsp;: L\u2019Acheteur professionnel s\u2019interdit de copier, transmettre et plus g\u00e9n\u00e9ralement exploiter toute ou partie des Marchandises sans l\u2019accord express et pr\u00e9alable du Vendeur.<\/p>\n\n\n\n<p>En cons\u00e9quence, l\u2019Acheteur professionnel devra lors de sa demande informer le Vendeur de&nbsp; l\u2019utilisation qu\u2019il compte faire des Marchandises. L\u2019Acheteur professionnel est li\u00e9 par cette information.<\/p>\n\n\n\n<p>10.5.3&nbsp;: Le Vendeur pourrait refuser l\u2019utilisation des Marchandises \u00e0 des fins qui pourraient nuire \u00e0 son image ou \u00e0 sa marque et ce sans justifier d\u2019aucun motif.<\/p>\n\n\n\n<p>10.5.4&nbsp;: L\u2019utilisation par l\u2019Acheteur professionnel de la Marchandise rev\u00eatue de la marque et du logo du Vendeur ou de tout autre \u00e9l\u00e9ment prot\u00e9g\u00e9 par un droit de propri\u00e9t\u00e9 intellectuelle ou industrielle ne lui conf\u00e8re aucun droit.&nbsp;<\/p>\n\n\n\n<p>10.5.5&nbsp;: La reproduction, diffusion ou utilisation publique des Marchandises sans accord express et pr\u00e9alable du Vendeur est constitutive de contrefa\u00e7on et passible des sanctions qui s\u2019y rattachent.<\/p>\n\n\n\n<p>10.5.7&nbsp;: Toute contravention aux dispositions de l\u2019article 10 des pr\u00e9sentes Conditions G\u00e9n\u00e9rales de Vente est constitutive, en sus des dispositions du Code de Propri\u00e9t\u00e9 Intellectuel, d\u2019un acte de concurrence d\u00e9loyale.<\/p>\n\n\n\n<p>En cons\u00e9quence, l\u2019Acheteur professionnel auteur d\u2019un tel acte pourra faire l\u2019objet de poursuites judiciaires.&nbsp;<\/p>\n\n\n\n<p>10.6: Toute m\u00e9connaissance des dispositions des articles 10.1 \u00e0 10.5.7 des pr\u00e9sentes Conditions G\u00e9n\u00e9rales de Vente donnera lieu au paiement d\u2019une indemnit\u00e9 forfaitaire a titre de clause p\u00e9nale au profit du Vendeur d\u2019un montant de 10&nbsp;000 Euros.<\/p>\n\n\n\n<p><strong>Article 11 &#8211; Obligations de non-concurrence<\/strong><\/p>\n\n\n\n<p>11.1&nbsp;: L\u2019obligation de non concurrence ne vise que les Acheteurs professionnels exer\u00e7ant la m\u00eame activit\u00e9 ou une activit\u00e9 similaire \u00e0 celle du Vendeur et souhaitant exploiter l\u2019olfactorium.<\/p>\n\n\n\n<p>11.2&nbsp;: La clause de non-concurrence est limit\u00e9e au territoire europ\u00e9en et ce pendant une p\u00e9riode de deux ans \u00e0 compter de la date d\u2019achat. Elle vise tout professionnel sp\u00e9cialis\u00e9 dans l\u2019activit\u00e9 de formation, animation, conseil, et de cr\u00e9ation dans le secteur de la parfumerie et des cosm\u00e9tiques.<\/p>\n\n\n\n<p>11.3&nbsp;: L\u2019obligation de non-concurrence vise \u00e0 prot\u00e9ger les int\u00e9r\u00eats l\u00e9gitimes du Vendeur notamment l\u2019utilisation de produits de sa marque, de la protection de ses droits de propri\u00e9t\u00e9 industrielle et intellectuelle et de sa client\u00e8le.<\/p>\n\n\n\n<p>Le secteur de la parfumerie et cosm\u00e9tiques est un secteur tr\u00e8s concurrentiel marqu\u00e9 par un fort d\u00e9veloppement de la formation. En cons\u00e9quence, cette protection est justifi\u00e9e, et n\u00e9cessaire.<\/p>\n\n\n\n<p>C\u2019est pourquoi, cette clause vise \u00e0 prot\u00e9ger le Vendeur de toute acte de concurrence d\u00e9loyale par l\u2019utilisation de ses outils commerciaux \u00e0 des fins identiques \u00e0 sa propre activit\u00e9 commerciale et \u00e0 prot\u00e9ger sa client\u00e8le d\u2019une \u00e9ventuelle appropriation par d\u2019autres professionnels.<\/p>\n\n\n\n<p>Enfin, cette clause est n\u00e9cessaire \u00e0 la protection de&nbsp; la r\u00e9putation et de la notori\u00e9t\u00e9 du Vendeur dans son secteur d\u2019activit\u00e9.<\/p>\n\n\n\n<p>11.4&nbsp;: L\u2019Acheteur professionnel s\u2019interdit d\u2019exploiter sous quelque forme que se soit, de mani\u00e8re directe ou indirecte, pour son propre compte ou pour le compte d\u2019autrui l\u2019olfactorium \u00ae ou toute autre marchandise vendue (flacons, mati\u00e8res premi\u00e8res) \u00e0 des fins identiques \u00e0 celle du Vendeur.<\/p>\n\n\n\n<p>En cons\u00e9quence, l\u2019utilisation de l\u2019olfactorium\u00ae ou de toute autre marchandise vendue (flacons, mati\u00e8res premi\u00e8res)&nbsp; \u00e0 des fins de formation, d\u2019animation, de conseil, et de cr\u00e9ation de parfums et de cosm\u00e9tiques doit diff\u00e9rer de l\u2019utilisation qui en est faite par le Vendeur. De plus, cette utilisation devra mentionner la qualit\u00e9 du Vendeur en tant que concepteur de l\u2019outil utilis\u00e9.&nbsp;<\/p>\n\n\n\n<p>En cons\u00e9quence, cette limitation est strictement proportionnelle et n\u00e9cessaire \u00e0 la protection des int\u00e9r\u00eats l\u00e9gitimes du Vendeur.&nbsp;<\/p>\n\n\n\n<p>11.5&nbsp;: Toute m\u00e9connaissance des dispositions des articles 11 des pr\u00e9sentes Conditions G\u00e9n\u00e9rales de Vente donnera lieu au paiement d\u2019une indemnit\u00e9 forfaitaire a titre de clause p\u00e9nale au profit du Vendeur d\u2019un montant de 10&nbsp;000 Euros.<\/p>\n\n\n\n<p>11.6&nbsp;: Le Vendeur se r\u00e9serve la possibilit\u00e9 d\u2019introduire une instance judiciaire afin de se voir r\u00e9parer les dommages cons\u00e9cutifs au non respect de l\u2019article 11 ainsi que de tout acte de concurrence d\u00e9loyale.&nbsp;<\/p>\n\n\n\n<p><strong>Article 12 \u2013 Informations relatives \u00e0 l\u2019Acheteur<\/strong><\/p>\n\n\n\n<p>12.1&nbsp;: Les informations \u00e0 caract\u00e8re personnel communiqu\u00e9es par l\u2019Acheteur au Vendeur en application et ex\u00e9cution de la vente pourront \u00eatre utilis\u00e9es et communiqu\u00e9es par le Vendeur, notamment \u00e0 ses partenaires, pour les besoins de r\u00e9alisation de la vente.<\/p>\n\n\n\n<p>Ainsi, le Bon de commande vaut reconnaissance et acceptation expresse du droit pour le Vendeur d\u2019utiliser et de communiquer ces donn\u00e9es \u00e0 ses partenaires.&nbsp;<\/p>\n\n\n\n<p>12.2&nbsp;: L\u2019Acheteur peut notifier au Vendeur son opposition \u00e0 toute forme de communication des donn\u00e9es. Cette notification doit \u00eatre faite par lettre recommand\u00e9e avec accus\u00e9 de r\u00e9ception adress\u00e9e au si\u00e8ge social du Vendeur.&nbsp;<\/p>\n\n\n\n<p>12.3: L\u2019Acheteur dispose d\u2019un droit d\u2019acc\u00e8s et de rectifications des informations le concernant. Il exerce ce droit, aupr\u00e8s du Vendeur,&nbsp; sur simple demande intervenant \u00e0 tout moment.&nbsp;<\/p>\n\n\n\n<p><strong>Article 13 \u2013 Garantie et Responsabilit\u00e9<\/strong><\/p>\n\n\n\n<p>13.1&nbsp;: Garantie li\u00e9e \u00e0 la fabrication et \u00e0 l\u2019utilisation des Marchandises<\/p>\n\n\n\n<p>13.1.1&nbsp;: Le Vendeur garantit le bon fonctionnement des Marchandises dans des conditions normales d\u2019utilisation ou dans des conditions&nbsp; qui seraient raisonnablement pr\u00e9visibles.&nbsp;<\/p>\n\n\n\n<p>Toute utilisation non-conforme \u00e0 la destination des Marchandises est exclue des pr\u00e9sentes garanties.<\/p>\n\n\n\n<p>13.1.2&nbsp;: L\u2019utilisation des Marchandises doit \u00eatre r\u00e9alis\u00e9e dans les limites et conditions pr\u00e9vues dans le livret explicatif d\u00e9livr\u00e9 par le Vendeur.&nbsp;<\/p>\n\n\n\n<p>L\u2019utilisation des Marchandises \u00e0 d\u2019autres fins que celles qui sont vis\u00e9es dans le livret d\u00e9livr\u00e9 par le Vendeur est express\u00e9ment exclue de la garantie du Vendeur.<\/p>\n\n\n\n<p>13.2&nbsp;: Responsabilit\u00e9 du Vendeur<\/p>\n\n\n\n<p>13.2.1&nbsp;: Conform\u00e9ment aux dispositions de l\u2019article 8 des pr\u00e9sentes Conditions G\u00e9n\u00e9rales de Vente, le Vendeur n\u2019est responsable des Marchandises que jusqu\u2019\u00e0 leur Livraison.&nbsp;<\/p>\n\n\n\n<p>Les avaries subies durant le transport ne rel\u00e8ve pas de la responsabilit\u00e9 du Vendeur, seul&nbsp; l\u2019Acheteur devra supporter les risques li\u00e9s au transport de la Marchandise.<\/p>\n\n\n\n<p>13.2.2&nbsp;: La Marchandise n doit pas servir \u00e0 des jeux pour des enfants ou \u00e0 l\u2019utilisation par des personnes n\u2019ayant pas les capacit\u00e9s de discernement suffisantes pour l\u2019utiliser sans courir un danger.<\/p>\n\n\n\n<p>Le Vendeur a inform\u00e9 l\u2019Acheteur des risques que pr\u00e9sente une utilisation inappropri\u00e9e ou par des personnes n\u2019ayant pas les capacit\u00e9s de discernement suffisantes.&nbsp;<\/p>\n\n\n\n<p>En cons\u00e9quence, le Vendeur ne saurait \u00eatre tenu pour responsable de la survenance d\u2019un dommage li\u00e9 \u00e0 une utilisation inad\u00e9quate des Marchandises ou l\u2019utilisation par des personnes n\u2019ayant pas la capacit\u00e9 de discernement suffisante.&nbsp;<\/p>\n\n\n\n<p>13.2.3&nbsp;: Le Vendeur a inform\u00e9 l\u2019Acheteur sur les dangers pouvant r\u00e9sulter des produits concern\u00e9s notamment par ing\u00e9rence ou projection dans les yeux du contenu des flacons.<\/p>\n\n\n\n<p>En cons\u00e9quence, le Vendeur ne saurait \u00eatre tenu responsable des dommages r\u00e9sultant d\u2019une mauvaise utilisation.<\/p>\n\n\n\n<p>13.3&nbsp;: Responsabilit\u00e9 de l\u2019Acheteur<\/p>\n\n\n\n<p>13.3.1&nbsp;: L\u2019Acheteur est responsable de l\u2019utilisation du produit conform\u00e9ment \u00e0 sa destination telle que pr\u00e9vue dans le livret explicatif ainsi que tout autre document communiqu\u00e9 par le Vendeur tels que le site internet, les brochures, le manuel d\u2019utilisation.<\/p>\n\n\n\n<p>13.3.2&nbsp;: L\u2019Acheteur s\u2019engage express\u00e9ment \u00e0 respecter les prescriptions et modalit\u00e9s d\u2019utilisation pr\u00e9cis\u00e9es et communiqu\u00e9es par le Vendeur.<\/p>\n\n\n\n<p>13.3.3&nbsp;: L\u2019Acheteur s\u2019engage \u00e0 utiliser les Marchandises dans le strict respect de la r\u00e9putation et de la notori\u00e9t\u00e9 de la marque du Vendeur.<\/p>\n\n\n\n<p>Tout attitude contraire ayant des cons\u00e9quences dommageables sur l\u2019image du Vendeur pourrait engager la responsabilit\u00e9 de l\u2019Acheteur.&nbsp;<\/p>\n\n\n\n<p>13.3.4&nbsp;: L\u2019Acheteur professionnel s\u2019engage \u00e0 respecter l\u2019ensemble des dispositions des pr\u00e9sentes Conditions G\u00e9n\u00e9rales de Vente et notamment, le cas \u00e9ch\u00e9ant l\u2019article 11.<\/p>\n\n\n\n<p>Le non respect de ces dispositions serait de nature \u00e0 mettre en jeu sa responsabilit\u00e9 contractuelle.&nbsp;<\/p>\n\n\n\n<p>13.4&nbsp;: Exclusion de responsabilit\u00e9<\/p>\n\n\n\n<p>Le Vendeur n\u2019est pas responsable du d\u00e9faut d\u2019ex\u00e9cution ou de l\u2019ex\u00e9cution tardive de leurs obligations r\u00e9sultant d\u2019un cas de force majeure, d\u2019un probl\u00e8me technique, d\u2019une d\u00e9faillance du r\u00e9seau, d\u2019une r\u00e9glementation ou exigence de la puissance publique, de gr\u00e8ves y compris de gr\u00e8ves perl\u00e9es ou de gr\u00e8ve du z\u00e8le, et de tout autre \u00e9v\u00e8nement \u00e9chappant \u00e0 leur contr\u00f4le.<\/p>\n\n\n\n<p><strong>Article 14 \u2013 R\u00e9clamations&nbsp;<\/strong><\/p>\n\n\n\n<p>14.1&nbsp;: Le d\u00e9faut des marchandises doit \u00eatre notifi\u00e9 au Vendeur.&nbsp;<\/p>\n\n\n\n<p>Cette r\u00e9clamation peut \u00eatre faite aupr\u00e8s du Vendeur par le biais de son site internet <a href=\"http:\/\/www.cinquiemesens.com\">www.cinquiemesens.com<\/a> ou par lettre recommand\u00e9e avec accus\u00e9 de r\u00e9ception adress\u00e9e au si\u00e8ge social du Vendeur.&nbsp;<\/p>\n\n\n\n<p>14.2&nbsp;: Le Vendeur s\u2019engage \u00e0 r\u00e9pondre \u00e0 cette r\u00e9clamation dans les plus bref d\u00e9lais. Ce d\u00e9lai ne saurait \u00eatre sup\u00e9rieur \u00e0 un d\u00e9lai de quinze jours suivant la r\u00e9ception de la r\u00e9clamation.<\/p>\n\n\n\n<p><strong>Article 15- Cession<\/strong><\/p>\n\n\n\n<p>Les Parties ne pourront c\u00e9der ou transf\u00e9rer tout droit ou obligation r\u00e9sultant du pr\u00e9sent Contrat, par quelque moyen que ce soit, sans l&#8217;accord pr\u00e9alable de l\u2019autre Partie.<\/p>\n\n\n\n<p><strong>Article 16 \u2013 Loi applicable et attribution de juridiction<\/strong><\/p>\n\n\n\n<p>16.1&nbsp;:<strong> <\/strong>Le pr\u00e9sent Contrat est soumis au droit fran\u00e7ais.<\/p>\n\n\n\n<p>16.2&nbsp;: Conform\u00e9ment aux dispositions de l\u2019article 111 du Code Civil, les parties d\u00e9clarent \u00e9lire domicile au si\u00e8ge social du Vendeur pour l\u2019application des Pr\u00e9sentes Conditions G\u00e9n\u00e9rales de vente et de tout litige y aff\u00e9rant.<\/p>\n\n\n\n<p>16.3&nbsp;: En cas de litige relatif \u00e0 l\u2019interpr\u00e9tation, l\u2019ex\u00e9cution ou la r\u00e9siliation des pr\u00e9sentes Conditions G\u00e9n\u00e9rales de Vente, les Parties s\u2019engagent \u00e0 r\u00e9soudre amiablement leur diff\u00e9rend.&nbsp;<\/p>\n\n\n\n<p>A d\u00e9faut, le litige sera soumis par la partie la plus diligente aux juridictions comp\u00e9tente de la ville de PARIS.<\/p>\n\t\t\t\t\t\t\t\t<\/div>\n\t\t\t\t<\/div>\n\t\t\t\t\t<\/div>\n\t\t<\/div>\n\t\t\t\t\t<\/div>\n\t\t<\/div>\n\t\t\t\t<\/div>\n\t\t","protected":false},"excerpt":{"rendered":"<p>La soci\u00e9t\u00e9 Le Cinqui\u00e8me Sens est une soci\u00e9t\u00e9 sp\u00e9cialis\u00e9e dans le conseil et la cr\u00e9ation de parfums.&nbsp;&nbsp; La soci\u00e9t\u00e9 a con\u00e7u, fabriqu\u00e9 et commercialise l\u2019olfactorium \u00ae, outil destin\u00e9 \u00e0 illustrer [&hellip;]<\/p>\n","protected":false},"author":2,"featured_media":0,"parent":0,"menu_order":0,"comment_status":"closed","ping_status":"closed","template":"","meta":{"_price":"","_stock":"","_tribe_ticket_header":"","_tribe_default_ticket_provider":"","_tribe_ticket_capacity":"0","_ticket_start_date":"","_ticket_end_date":"","_tribe_ticket_show_description":"","_tribe_ticket_show_not_going":false,"_tribe_ticket_use_global_stock":"","_tribe_ticket_global_stock_level":"","_global_stock_mode":"","_global_stock_cap":"","_tribe_rsvp_for_event":"","_tribe_ticket_going_count":"","_tribe_ticket_not_going_count":"","_tribe_tickets_list":"[]","_tribe_ticket_has_attendee_info_fields":false,"footnotes":"","_tec_slr_enabled":"","_tec_slr_layout":""},"class_list":["post-10886","page","type-page","status-publish","hentry"],"yoast_head":"<!-- This site is optimized with the Yoast SEO Premium plugin v25.2 (Yoast SEO v25.2) - https:\/\/yoast.com\/wordpress\/plugins\/seo\/ -->\n<title>Conditions G\u00e9n\u00e9rales de Vente - Cinqui\u00e8me Sens<\/title>\n<meta name=\"robots\" content=\"index, follow, max-snippet:-1, max-image-preview:large, max-video-preview:-1\" \/>\n<link rel=\"canonical\" href=\"https:\/\/www.cinquiemesens.com\/en\/conditions-generales-de-vente-2\/\" \/>\n<meta property=\"og:locale\" content=\"en_US\" \/>\n<meta property=\"og:type\" content=\"article\" \/>\n<meta property=\"og:title\" content=\"Conditions G\u00e9n\u00e9rales de Vente\" \/>\n<meta property=\"og:description\" content=\"La soci\u00e9t\u00e9 Le Cinqui\u00e8me Sens est une soci\u00e9t\u00e9 sp\u00e9cialis\u00e9e dans le conseil et la cr\u00e9ation de parfums.&nbsp;&nbsp; La soci\u00e9t\u00e9 a con\u00e7u, fabriqu\u00e9 et commercialise l\u2019olfactorium \u00ae, outil destin\u00e9 \u00e0 illustrer [&hellip;]\" \/>\n<meta property=\"og:url\" content=\"https:\/\/www.cinquiemesens.com\/en\/conditions-generales-de-vente-2\/\" \/>\n<meta property=\"og:site_name\" content=\"Cinqui\u00e8me Sens\" \/>\n<meta property=\"article:publisher\" content=\"https:\/\/www.facebook.com\/olfactorium?locale=fr_FR\" \/>\n<meta property=\"article:modified_time\" content=\"2020-11-25T13:21:40+00:00\" \/>\n<meta property=\"og:image\" content=\"https:\/\/www.cinquiemesens.com\/wp-content\/uploads\/Logo-NewClem_Plan-de-travail-1.png\" \/>\n\t<meta property=\"og:image:width\" content=\"591\" \/>\n\t<meta property=\"og:image:height\" content=\"591\" \/>\n\t<meta property=\"og:image:type\" content=\"image\/png\" \/>\n<meta name=\"twitter:label1\" content=\"Est. reading time\" \/>\n\t<meta name=\"twitter:data1\" content=\"21 minutes\" \/>\n<script type=\"application\/ld+json\" class=\"yoast-schema-graph\">{\"@context\":\"https:\/\/schema.org\",\"@graph\":[{\"@type\":\"WebPage\",\"@id\":\"https:\/\/www.cinquiemesens.com\/en\/conditions-generales-de-vente-2\/\",\"url\":\"https:\/\/www.cinquiemesens.com\/en\/conditions-generales-de-vente-2\/\",\"name\":\"Conditions G\u00e9n\u00e9rales de Vente - Cinqui\u00e8me Sens\",\"isPartOf\":{\"@id\":\"https:\/\/www.cinquiemesens.com\/#website\"},\"datePublished\":\"2014-11-23T20:39:03+00:00\",\"dateModified\":\"2020-11-25T13:21:40+00:00\",\"breadcrumb\":{\"@id\":\"https:\/\/www.cinquiemesens.com\/en\/conditions-generales-de-vente-2\/#breadcrumb\"},\"inLanguage\":\"en-UK\",\"potentialAction\":[{\"@type\":\"ReadAction\",\"target\":[\"https:\/\/www.cinquiemesens.com\/en\/conditions-generales-de-vente-2\/\"]}]},{\"@type\":\"BreadcrumbList\",\"@id\":\"https:\/\/www.cinquiemesens.com\/en\/conditions-generales-de-vente-2\/#breadcrumb\",\"itemListElement\":[{\"@type\":\"ListItem\",\"position\":1,\"name\":\"Accueil\",\"item\":\"https:\/\/www.cinquiemesens.com\/\"},{\"@type\":\"ListItem\",\"position\":2,\"name\":\"Conditions G\u00e9n\u00e9rales de Vente\"}]},{\"@type\":\"WebSite\",\"@id\":\"https:\/\/www.cinquiemesens.com\/#website\",\"url\":\"https:\/\/www.cinquiemesens.com\/\",\"name\":\"Cinqui\u00e8me Sens\",\"description\":\"Eveille les \u00e9motions\",\"publisher\":{\"@id\":\"https:\/\/www.cinquiemesens.com\/#organization\"},\"potentialAction\":[{\"@type\":\"SearchAction\",\"target\":{\"@type\":\"EntryPoint\",\"urlTemplate\":\"https:\/\/www.cinquiemesens.com\/?s={search_term_string}\"},\"query-input\":{\"@type\":\"PropertyValueSpecification\",\"valueRequired\":true,\"valueName\":\"search_term_string\"}}],\"inLanguage\":\"en-UK\"},{\"@type\":\"Organization\",\"@id\":\"https:\/\/www.cinquiemesens.com\/#organization\",\"name\":\"Cinqui\u00e8me sens\",\"url\":\"https:\/\/www.cinquiemesens.com\/\",\"logo\":{\"@type\":\"ImageObject\",\"inLanguage\":\"en-UK\",\"@id\":\"https:\/\/www.cinquiemesens.com\/#\/schema\/logo\/image\/\",\"url\":\"https:\/\/www.cinquiemesens.com\/wp-content\/uploads\/logo_cinquieme-sens.svg\",\"contentUrl\":\"https:\/\/www.cinquiemesens.com\/wp-content\/uploads\/logo_cinquieme-sens.svg\",\"width\":1,\"height\":1,\"caption\":\"Cinqui\u00e8me sens\"},\"image\":{\"@id\":\"https:\/\/www.cinquiemesens.com\/#\/schema\/logo\/image\/\"},\"sameAs\":[\"https:\/\/www.facebook.com\/olfactorium?locale=fr_FR\",\"https:\/\/www.instagram.com\/cinquiemesens\/\",\"https:\/\/www.linkedin.com\/company\/cinqui-me-sens\/?viewAsMember=true\"]}]}<\/script>\n<!-- \/ Yoast SEO Premium plugin. -->","yoast_head_json":{"title":"Conditions G\u00e9n\u00e9rales de Vente - Cinqui\u00e8me Sens","robots":{"index":"index","follow":"follow","max-snippet":"max-snippet:-1","max-image-preview":"max-image-preview:large","max-video-preview":"max-video-preview:-1"},"canonical":"https:\/\/www.cinquiemesens.com\/en\/conditions-generales-de-vente-2\/","og_locale":"en_US","og_type":"article","og_title":"Conditions G\u00e9n\u00e9rales de Vente","og_description":"La soci\u00e9t\u00e9 Le Cinqui\u00e8me Sens est une soci\u00e9t\u00e9 sp\u00e9cialis\u00e9e dans le conseil et la cr\u00e9ation de parfums.&nbsp;&nbsp; La soci\u00e9t\u00e9 a con\u00e7u, fabriqu\u00e9 et commercialise l\u2019olfactorium \u00ae, outil destin\u00e9 \u00e0 illustrer [&hellip;]","og_url":"https:\/\/www.cinquiemesens.com\/en\/conditions-generales-de-vente-2\/","og_site_name":"Cinqui\u00e8me Sens","article_publisher":"https:\/\/www.facebook.com\/olfactorium?locale=fr_FR","article_modified_time":"2020-11-25T13:21:40+00:00","og_image":[{"width":591,"height":591,"url":"https:\/\/www.cinquiemesens.com\/wp-content\/uploads\/Logo-NewClem_Plan-de-travail-1.png","type":"image\/png"}],"twitter_misc":{"Est. reading time":"21 minutes"},"schema":{"@context":"https:\/\/schema.org","@graph":[{"@type":"WebPage","@id":"https:\/\/www.cinquiemesens.com\/en\/conditions-generales-de-vente-2\/","url":"https:\/\/www.cinquiemesens.com\/en\/conditions-generales-de-vente-2\/","name":"Conditions G\u00e9n\u00e9rales de Vente - Cinqui\u00e8me Sens","isPartOf":{"@id":"https:\/\/www.cinquiemesens.com\/#website"},"datePublished":"2014-11-23T20:39:03+00:00","dateModified":"2020-11-25T13:21:40+00:00","breadcrumb":{"@id":"https:\/\/www.cinquiemesens.com\/en\/conditions-generales-de-vente-2\/#breadcrumb"},"inLanguage":"en-UK","potentialAction":[{"@type":"ReadAction","target":["https:\/\/www.cinquiemesens.com\/en\/conditions-generales-de-vente-2\/"]}]},{"@type":"BreadcrumbList","@id":"https:\/\/www.cinquiemesens.com\/en\/conditions-generales-de-vente-2\/#breadcrumb","itemListElement":[{"@type":"ListItem","position":1,"name":"Accueil","item":"https:\/\/www.cinquiemesens.com\/"},{"@type":"ListItem","position":2,"name":"Conditions G\u00e9n\u00e9rales de Vente"}]},{"@type":"WebSite","@id":"https:\/\/www.cinquiemesens.com\/#website","url":"https:\/\/www.cinquiemesens.com\/","name":"Cinqui\u00e8me Sens","description":"Eveille les \u00e9motions","publisher":{"@id":"https:\/\/www.cinquiemesens.com\/#organization"},"potentialAction":[{"@type":"SearchAction","target":{"@type":"EntryPoint","urlTemplate":"https:\/\/www.cinquiemesens.com\/?s={search_term_string}"},"query-input":{"@type":"PropertyValueSpecification","valueRequired":true,"valueName":"search_term_string"}}],"inLanguage":"en-UK"},{"@type":"Organization","@id":"https:\/\/www.cinquiemesens.com\/#organization","name":"Cinqui\u00e8me sens","url":"https:\/\/www.cinquiemesens.com\/","logo":{"@type":"ImageObject","inLanguage":"en-UK","@id":"https:\/\/www.cinquiemesens.com\/#\/schema\/logo\/image\/","url":"https:\/\/www.cinquiemesens.com\/wp-content\/uploads\/logo_cinquieme-sens.svg","contentUrl":"https:\/\/www.cinquiemesens.com\/wp-content\/uploads\/logo_cinquieme-sens.svg","width":1,"height":1,"caption":"Cinqui\u00e8me sens"},"image":{"@id":"https:\/\/www.cinquiemesens.com\/#\/schema\/logo\/image\/"},"sameAs":["https:\/\/www.facebook.com\/olfactorium?locale=fr_FR","https:\/\/www.instagram.com\/cinquiemesens\/","https:\/\/www.linkedin.com\/company\/cinqui-me-sens\/?viewAsMember=true"]}]}},"ticketed":false,"_links":{"self":[{"href":"https:\/\/www.cinquiemesens.com\/en\/wp-json\/wp\/v2\/pages\/10886","targetHints":{"allow":["GET"]}}],"collection":[{"href":"https:\/\/www.cinquiemesens.com\/en\/wp-json\/wp\/v2\/pages"}],"about":[{"href":"https:\/\/www.cinquiemesens.com\/en\/wp-json\/wp\/v2\/types\/page"}],"author":[{"embeddable":true,"href":"https:\/\/www.cinquiemesens.com\/en\/wp-json\/wp\/v2\/users\/2"}],"replies":[{"embeddable":true,"href":"https:\/\/www.cinquiemesens.com\/en\/wp-json\/wp\/v2\/comments?post=10886"}],"version-history":[{"count":1,"href":"https:\/\/www.cinquiemesens.com\/en\/wp-json\/wp\/v2\/pages\/10886\/revisions"}],"predecessor-version":[{"id":10888,"href":"https:\/\/www.cinquiemesens.com\/en\/wp-json\/wp\/v2\/pages\/10886\/revisions\/10888"}],"wp:attachment":[{"href":"https:\/\/www.cinquiemesens.com\/en\/wp-json\/wp\/v2\/media?parent=10886"}],"curies":[{"name":"wp","href":"https:\/\/api.w.org\/{rel}","templated":true}]}}